{"id":665,"date":"2026-07-29T17:07:24","date_gmt":"2026-07-29T15:07:24","guid":{"rendered":"https:\/\/earthandturf.eu\/shop\/multispread-248-pt\/"},"modified":"2026-07-29T17:07:24","modified_gmt":"2026-07-29T15:07:24","slug":"multispread-248-pt","status":"publish","type":"product","link":"https:\/\/earthandturf.eu\/de\/shop\/multispread-248-pt\/","title":{"rendered":"MultiSpread\u2122 248 PT"},"content":{"rendered":"<div class=\"spec-wrapper\">\n<div class=\"spec-box\">\n<h3>Standardmerkmale<\/h3>\n<table class=\"spec-table\">\n<tbody>\n<tr>\n<th>Kapazit\u00e4t (Standardbeh\u00e4lter)<\/th>\n<td>1,53 m\u00b3<\/td>\n<\/tr>\n<tr>\n<th>Kapazit\u00e4t (LMS-Option)<\/th>\n<td>\u2013<\/td>\n<\/tr>\n<tr>\n<th>Erforderliche Leistung<\/th>\n<td>20 PS<\/td>\n<\/tr>\n<tr>\n<th>\u00dcberfahrbreite<\/th>\n<td>139,70 cm<\/td>\n<\/tr>\n<tr>\n<th>Bodenfreiheit an der Achse<\/th>\n<td>27,94 cm<\/td>\n<\/tr>\n<tr>\n<th>Reinigungs\u00f6ffnungen<\/th>\n<td>Leicht zug\u00e4ngliche Reinigungs\u00f6ffnungen auf beiden Seiten<\/td>\n<\/tr>\n<tr>\n<th>Streusystem<\/th>\n<td>Breitstreuung<\/td>\n<\/tr>\n<tr>\n<th>Antrieb Radantrieb<\/th>\n<td>Doppelrad<\/td>\n<\/tr>\n<tr>\n<th>Kastenbreite<\/th>\n<td>121,92 cm<\/td>\n<\/tr>\n<tr>\n<th>Kastenl\u00e4nge<\/th>\n<td>116,84 cm<\/td>\n<\/tr>\n<tr>\n<th>Gesamth\u00f6he<\/th>\n<td>87,63 cm<\/td>\n<\/tr>\n<tr>\n<th>Gesamtbreite<\/th>\n<td>170,18 cm<\/td>\n<\/tr>\n<\/tbody>\n<\/table>\n<\/div>\n<div class=\"spec-box\">\n<h3>Hauptspezifikationen<\/h3>\n<table class=\"spec-table\">\n<tbody>\n<tr>\n<th>Kapazit\u00e4t (Standardbeh\u00e4lter)<\/th>\n<td>1,53 m\u00b3<\/td>\n<\/tr>\n<tr>\n<th>Max. Zuladung<\/th>\n<td>680,38 kg<\/td>\n<\/tr>\n<tr>\n<th>Streubreite<\/th>\n<td>121,92 cm<\/td>\n<\/tr>\n<tr>\n<th>Streudicke<\/th>\n<td>Bis zu 5,08 cm<\/td>\n<\/tr>\n<tr>\n<th>Streugeschwindigkeit<\/th>\n<td>6 km\/h<\/td>\n<\/tr>\n<tr>\n<th>Erforderliche Leistung<\/th>\n<td>20 PS<\/td>\n<\/tr>\n<tr>\n<th>Antrieb<\/th>\n<td>Anh\u00e4ngertyp<\/td>\n<\/tr>\n<tr>\n<th>Reifengr\u00f6\u00dfe<\/th>\n<td>5.00-15 Traktion<\/td>\n<\/tr>\n<tr>\n<th>Bodenfreiheit<\/th>\n<td>27,94 cm<\/td>\n<\/tr>\n<tr>\n<th>Antrieb Radantrieb<\/th>\n<td>Doppelrad<\/td>\n<\/tr>\n<\/tbody>\n<\/table>\n<\/div>\n<div class=\"spec-box\">\n<h3>Abmessungen<\/h3>\n<table class=\"spec-table\">\n<tbody>\n<tr>\n<th>L\u00e4nge<\/th>\n<td>236 cm<\/td>\n<\/tr>\n<tr>\n<th>Breite<\/th>\n<td>170,18 cm<\/td>\n<\/tr>\n<tr>\n<th>H\u00f6he<\/th>\n<td>87,63 cm<\/td>\n<\/tr>\n<tr>\n<th>Eigengewicht<\/th>\n<td>281,23 kg<\/td>\n<\/tr>\n<\/tbody>\n<\/table>\n<\/div>\n<\/div>\n","protected":false},"excerpt":{"rendered":"<p class=\"my-2 [&amp;+p]:mt-4 [&amp;_strong:has(+br)]:inline-block [&amp;_strong:has(+br)]:align-top\">Der 248PT wurde entwickelt, um Kompost m\u00fchelos \u00fcber Reihen unterschiedlicher Breiten zu streuen. Seine 122 cm Streubreite kann mit dem optionalen, einstellbaren Streukit an deinen Reihenabstand angepasst werden, w\u00e4hrend die 140 cm \u00dcberfahrbreite dazu beitr\u00e4gt, die Radverdichtung au\u00dferhalb der Beete zu halten. Mit einer Maschinenh\u00f6he von 25 cm bleibt er gut \u00fcber erh\u00f6hten Beeten. Bei seiner weitesten \u00d6ffnung kann der Streuer Material bis zu 5 cm tief auftragen, was die Notwendigkeit mehrerer Durchg\u00e4nge reduziert.   <\/p>\n<p class=\"my-2 [&amp;+p]:mt-4 [&amp;_strong:has(+br)]:inline-block [&amp;_strong:has(+br)]:align-top\">Er ist mit einer Standard-Traktoranh\u00e4ngerkupplung f\u00fcr den Einsatz mit den Zugstangen herk\u00f6mmlicher Kompakttraktoren ausgestattet. Das Radantriebssystem nutzt die Kraft beider R\u00e4der, wodurch die Maschine beim Vorw\u00e4rtsfahren die doppelte Traktion erh\u00e4lt und gleichzeitig verhindert wird, dass sich das Band r\u00fcckw\u00e4rts dreht. W\u00e4hrend des Betriebs wird das Material auf einem Sch\u00fcrzenf\u00f6rderband zum vorderen Teil der Maschine transportiert und unter eine einstellbare Endklappe gedr\u00fcckt, um eine bessere Kontrolle zu gew\u00e4hrleisten. Diese Klappe hilft, die Streutiefe zu bestimmen, wobei die Ergebnisse je nach verwendetem Material variieren k\u00f6nnen.   <\/p>\n","protected":false},"featured_media":666,"comment_status":"open","ping_status":"closed","template":"","meta":[],"product_brand":[],"product_cat":[105],"product_tag":[],"class_list":["post-665","product","type-product","status-publish","has-post-thumbnail","product_cat-topdresser","first","onbackorder","taxable","shipping-taxable","purchasable","product-type-simple"],"_links":{"self":[{"href":"https:\/\/earthandturf.eu\/de\/wp-json\/wp\/v2\/product\/665","targetHints":{"allow":["GET"]}}],"collection":[{"href":"https:\/\/earthandturf.eu\/de\/wp-json\/wp\/v2\/product"}],"about":[{"href":"https:\/\/earthandturf.eu\/de\/wp-json\/wp\/v2\/types\/product"}],"replies":[{"embeddable":true,"href":"https:\/\/earthandturf.eu\/de\/wp-json\/wp\/v2\/comments?post=665"}],"wp:featuredmedia":[{"embeddable":true,"href":"https:\/\/earthandturf.eu\/de\/wp-json\/wp\/v2\/media\/666"}],"wp:attachment":[{"href":"https:\/\/earthandturf.eu\/de\/wp-json\/wp\/v2\/media?parent=665"}],"wp:term":[{"taxonomy":"product_brand","embeddable":true,"href":"https:\/\/earthandturf.eu\/de\/wp-json\/wp\/v2\/product_brand?post=665"},{"taxonomy":"product_cat","embeddable":true,"href":"https:\/\/earthandturf.eu\/de\/wp-json\/wp\/v2\/product_cat?post=665"},{"taxonomy":"product_tag","embeddable":true,"href":"https:\/\/earthandturf.eu\/de\/wp-json\/wp\/v2\/product_tag?post=665"}],"curies":[{"name":"wp","href":"https:\/\/api.w.org\/{rel}","templated":true}]}}